{"id":75,"date":"2025-08-21T06:52:57","date_gmt":"2025-08-21T06:52:57","guid":{"rendered":"https:\/\/neu.ruthpriese.de\/?page_id=75"},"modified":"2025-09-18T11:42:19","modified_gmt":"2025-09-18T11:42:19","slug":"ausgewaehlte-von-mir-empfohlene-literatur-und-zitate-2","status":"publish","type":"page","link":"https:\/\/neu.ruthpriese.de\/index.php\/ausgewaehlte-von-mir-empfohlene-literatur-und-zitate-2\/","title":{"rendered":"AUSGEW\u00c4HLTE, VON MIR EMPFOHLENE LITERATUR und ZITATE"},"content":{"rendered":"\n<p><strong>1.) ZUM VERSTEHEN VON KINDERN UND ELTERN<\/strong><br><br><strong>Agustoni, Daniel<\/strong>\u00a0(2004):\u00a0<strong>Craniosakral Selbstbehandlung &#8211; Wohlbefinden und Entspannung durch sanfte Ber\u00fchrung,<\/strong>\u00a0K\u00f6sel vlg. M\u00fcnchen (Agustoni gibt hier neben praktischen Anleitungen eine kurze Einf\u00fchrung in diese wunderbare Weise, die Tiefen in unseren K\u00f6rpern zu ber\u00fchren und &#8211; wenn wir absichtslos begleiten &#8211; zur Selbstregulation anzuregen)\u00a0<br><strong><br>Alberti, Bettina\u00a0<\/strong>(3. Aufl. 2005):\u00a0<strong>Die Seele f\u00fchlt von Anfang an: Wie pr\u00e4natale Erfahrungen unsere Beziehungsf\u00e4higkeit pr\u00e4gen,<\/strong>\u00a0K\u00f6sel Vlg. M\u00fcnchen<strong><br><br>Bauer, Joachim<\/strong>\u00a0(5. Aufl. 2005):\u00a0<strong>Warum ICH f\u00fchle, was DU f\u00fchlst \u2013 Intuitive Kommunikation und das Geheimnis der Spiegelneurone,<\/strong>\u00a0Hoffmann und Campe Hamburg<strong>.\u00a0<\/strong>(Dieses kleine Buch des grossen Forschers hat unser Bild von einsamen Individuen endg\u00fcltig korrigiert: Wir sind biologisch f\u00fcr Kontakt, Beziehung und Bindung gebaut!)<strong><br><br>Blechschmidt, Erich\u00a0<\/strong>(8.Aufl. 2008):\u00a0<strong>Wie beginnt das menschliche Leben:<\/strong>\u00a0Vom Ei zum Embryo. Befunde und Konsequenzen, Christiana-Vlg.<strong><br><br>Chamberlain, David\u00a0<\/strong>(1. Aufl.1998):\u00a0<strong>Woran Babys sich erinnern &#8211; Die Anf\u00e4nge unseres Bewusstseins im Mutterleib,<\/strong>\u00a0K\u00f6sek-Vlg. Ch. befragte Kinder und M\u00fctter nach ihren Geburts-erinnerungen und wir staunen beim Lesen mit ihm \u00fcber so viel \u00dcbereinstimmungen.<strong><br><br>de Jong, M.Theresia\u00a0<\/strong>(2002):\u00a0<strong>Babys aus dem Labor. Segen oder Fluch<\/strong>? Beltz Vlg.<strong><br><br>Deyringer, Mechthild<\/strong>\u00a0(2008):\u00a0<strong>Bindung durch Ber\u00fchrung \u2013Schmetterlingsmassage f\u00fcr Eltern und Babys<\/strong>\u00a0\u2013 mit CD, Leutner Berlin, siehe auch\u00a0<a href=\"http:\/\/www.schmetterlings-babymassage.de\/\" target=\"_blank\" rel=\"noreferrer noopener\">www.schmetterlings-babymassage.de<\/a><br><strong><br>Dykstra, Ingrid<\/strong>\u00a0(2002):\u00a0<strong>Wenn Kinder Schicksal tragen \u2013 Kindliches Verhalten aus systemischer Sicht verstehen,<\/strong>\u00a0K\u00f6sel M\u00fcnchen<br><strong><br>Eliacheff, Caroline<\/strong>\u00a0(1997):\u00a0<strong>Das Kind, das eine Katze sein wollte \u2013 Psychoanalytische Arbeit mit S\u00e4uglingen und Kleinkindern<\/strong>, dtv. M\u00fcnchen. Eliacheff hat in ihrer Arbeit mit schwer traumatisierten S\u00e4uglingen und Kindern &#8222;einfach&#8220; immer wieder die Wahrheit dessen ausgesprochen, was die Kinder erlebt hatten. Und das war wunderbar heilsam.<strong><br><br>Emerson, William\u00a0<\/strong>(1996):\u00a0<strong>Behandlung von Geburtstraumata bei S\u00e4uglingen und Kindern:\u00a0<\/strong>Gesammelte Vortr\u00e4ge, hrsg. von der internationalen Studiengemeinschaft f\u00fcr pr\u00e4- und perinatale Psychologie und Medizin (ISPPM) Heidelberg,\u00a0<a href=\"http:\/\/www.isppm.de\/\" target=\"_blank\" rel=\"noreferrer noopener\">www.isppm.de<\/a>\u00a0, W. Emerson ist einer der Pioniere des Verstehens vor- und geburtlicher Traumata.<strong><br><br>Franke-Gricksch, Marianne<\/strong>\u00a0(2002):\u00a0<strong>\u00bbDu geh\u00f6rst zu uns!\u00ab \u2013 Systemische Einblicke und L\u00f6sungen f\u00fcr Lehrer, Sch\u00fcler und Eltern<\/strong>, Carl-Auer-Systeme Verlag Heidelberg<br><br><strong>Gaskin, Ina May<\/strong>\u00a0(2009):\u00a0<strong>Die selbstbestimmte Geburt \u2013 Handbuch f\u00fcr werdende Eltern mit Erfahrungsberichten,<\/strong>\u00a0K\u00f6sel vlg. M\u00fcnchen<strong><br><br>Hannig, Brigitte<\/strong>\u00a0(2002):\u00a0<strong>Tr\u00e4nenreiche Babyzeit \u2013 Warum weinen Babys mehr als Eltern erwarten?<\/strong>\u00a0Bezug nur \u00fcber den Bund Deutsche Hebammen e.V. bzw. \u00fcber jede Hebamme, siehe auch:\u00a0<a href=\"https:\/\/brigitte-hannig.de\/home.html\">www.brigitte-hannig.de<\/a><br><strong><br>Harms, Thomas<\/strong>\u00a0(Hrsg. 2000):\u00a0<strong>Auf die Welt gekommen \u2013 Die neuen Babytherapien<\/strong>, Leutner Berlin, siehe auch:\u00a0<a href=\"http:\/\/www.zepp-bremen.de\/\" target=\"_blank\" rel=\"noreferrer noopener\">www.zepp-bremen.de<\/a><br>&#8212;&#8212;&#8212;&#8212;&#8212;&#8212;-(2008):\u00a0<strong>Emotionelle Erste Hilfe \u2013 Bindungsf\u00f6rderung \u2013 Krisenintervention \u2013 Eltern-Baby-Therapie,<\/strong>\u00a0Leutner Berlin<strong>\u00a0\u00a0\u00a0\u00a0\u00a0 \u00a0 \u00a0 \u00a0 \u00a0 \u00a0 \u00a0 \u00a0 \u00a0 \u00a0 \u00a0 \u00a0 \u00a0 \u00a0 \u00a0 \u00a0 \u00a0 \u00a0 \u00a0 \u00a0 \u00a0 \u00a0 \u00a0 \u00a0 \u00a0 \u00a0 \u00a0 \u00a0 \u00a0 \u00a0 \u00a0 \u00a0 \u00a0 \u00a0 \u00a0 \u00a0 \u00a0 \u00a0 \u00a0 \u00a0 \u00a0 \u00a0 \u00a0 \u00a0 \u00a0 \u00a0 \u00a0\u00a0<\/strong>&#8212;&#8212;&#8212;&#8212;&#8212;&#8212;-(2019):\u00a0<strong>Keine Angst vor Babytr\u00e4nen<\/strong>, Psychosozialverlag<strong><br><br>Henzinger, Ursula<\/strong>\u00a0(1999): Stillen. Die Quelle m\u00fctterlicher Kraft, Walter Vlg. Z\u00fcrich\/D\u00fcsseldorf<br><br><strong>H\u00fcther, Gerald<\/strong>\u00a0(2001 und danach):\u00a0<strong>Bedienungsanleitung f\u00fcr ein menschliches Gehirn<\/strong>, Vandenhoeck &amp; Ruprecht<br>&#8212;&#8212;&#8212;&#8212;&#8212;&#8212;&#8211;(2002):<strong>\u00a0Die Folgen traumatischer Kindheitserfahrungen f\u00fcr die weitere Hirnentwicklung<\/strong>, in:\u00a0<a href=\"http:\/\/www.agsp.de\/html\/a34.html\" target=\"_blank\" rel=\"noreferrer noopener\">www.agsp.de\/html\/a34.html<\/a><br><br><strong>Israel, Agathe\/ Rei\u00dfmann, Bj\u00f6rn\u00a0<\/strong>(2008):\u00a0<strong>Fr\u00fch in der Welt &#8211; Das Erleben des Fr\u00fchgeborenen und seiner Eltern auf der neonatologischen Intensivstation<\/strong>, Vlg. Brandes &amp; Apsel<strong><br><br>Joas, Hans,<\/strong>\u00a0(2011):\u00a0<strong>Die Sakralit\u00e4t der Person<\/strong>, suhrkamp Berlin<br><br><strong>Juul, Jesper\u00a0<\/strong>(1.Aufl.1997):<strong>\u00a0Das kompetente Kind<\/strong>, Rowohlt Reinbek bei Hamburg<strong><br><br>K\u00f6hler, Claudia<\/strong>\u00a0(2000):\u00a0<strong>Pr\u00e4- und perinatale Traumata \u2013 Ursachen, Folgen, therapeutischer Ansatz<\/strong>, in: Harms, Thomas 2000<strong><br><br>Langsdorff, Maja<\/strong>\u00a0(Selbstverlag Stuttgart):\u00a0<strong>Kleiner Eingriff &#8211; gro\u00dfes Trauma?:<\/strong>Schwangerschaftskonflikte, Abtreibung und die (seelischen) Folgen<strong><br><br>Leawen, Hans-Joachim\/Andres, Beate\/Hedervari, &#8212;\u00a0<\/strong>(4.Aufl. 2004):\u00a0<strong>Die ersten Tage &#8211; ein Modell zur Eingew\u00f6hnung in Krippe und Tagespflege<\/strong>, Beltz,\u00a0<a href=\"http:\/\/www.infans.de\/\" target=\"_blank\" rel=\"noreferrer noopener\">www.infans.de<\/a><strong><br><br>Levine, Peter\/Kline, Maggy<\/strong>\u00a0(2005):\u00a0<strong>Verwundete Kinderseelen \u2013 wie Kinder\u00a0<br>und Jugendliche traumatische Erlebnisse \u00fcberwinden k\u00f6nne<\/strong>n, K\u00f6sel M\u00fcnchen<strong><br><br>Levine,Peter,\u00a0<\/strong>(2010):\u00a0<strong>Sprache ohne Worte &#8211; Wie unser K\u00f6rper Trauma verarbeitet und uns in die innere Balance zur\u00fcckf\u00fchrt<\/strong>. K\u00f6sel Vlg. M\u00fcnchen<strong><br><br>Lipton, Bruce H.\u00a0<\/strong>(2007):<strong>\u00a0Intelligente Zellen \u2013 Wie Erfahrungen unsere Gene steuern<\/strong>, KOHA- Vlg. Burgrain<strong><br><br>Maiden, Anne Hubell\/Farwell, Edie\u00a0<\/strong>(1997):\u00a0<strong>Willkommen in dieser Welt &#8211; Die tibetische Kunst, Kinder ins Leben zu begleiten,<\/strong>\u00a0K\u00f6sel Vlg. M\u00fcnchen<strong><br><br>Marcovich, Marina\/ de Jong, Theresa Maria\u00a0<\/strong>(1999):\u00a0<strong>Fr\u00fch geboren &#8211; zu klein zum Leben?<\/strong>S.Fischer Vlg.<strong><br><br>Mat\u00e9, Gabor\u00a0<\/strong>(2020, 3. Aufl)\u00a0<strong>WENN DER K\u00d6RPER NEIN SAGT<\/strong>, Unimedica Vlg.<br>&#8212;&#8212;&#8212;&#8212;&#8212;(2021, 1.Aufl.)\u00a0<strong>UNRUHE IM KOPF &#8211; \u00dcBER DIE ENTSTEHUNG UND HEILUNG DER AUFMERKSAMKEITSDEFIZITST\u00d6RUNG ADHS,\u00a0<\/strong>Unimedica Vlg.<br><strong><br>Odent, Michel<\/strong>\u00a0(2005):<strong>\u00a0Es ist nicht egal, wie wir geboren werden<\/strong>, deutsch Walter Vlg. D\u00fcsseldorf und Z\u00fcrich<br>&#8212;&#8212;&#8212;&#8212;&#8212;&#8212;&#8212;(2010):\u00a0<strong>Oxytoxin: das scheue Hormon<\/strong>\u00a0\u2013 Das Oxytoxin gleicht einer sch\u00fcchternen Person, die in Gegenwart von Fremden nicht in Erscheinung tritt, Hebammenzeitschrift 1\/2010<br><br><strong>Peirsman, Etienne und Neeto<\/strong>\u00a0(2007):\u00a0<strong>Mit sanfter Ber\u00fchrung \u2013 Craniosacral-Behandlung f\u00fcr Babys und Kleinkinder,<\/strong>\u00a0K\u00f6sel M\u00fcnchen<strong><br><br>Porges, Steven\u00a0<\/strong>(Fr\u00fchjahr 2005):\u00a0<strong>Neurozeption \u2013 die drei Regelkreise des Autonomen Nervensystems<\/strong>, in: trauma Newesletter Nr.3 Hrsg. vom Zentrum f\u00fcr Innere \u00d6kologie<br>&#8212;&#8212;&#8212;&#8212;&#8212;&#8212;&#8212;(2010):\u00a0<strong>Die Polyvagal-Theorie &#8211; Neurophysiologische Grundlagen der Therapie &#8211; Emotionen, Bindung, Kommunikation und ihre Entstehung, Junfermann Paderborn<br><br>Rotschild, Babette<\/strong>\u00a0(2002): Der K\u00f6rper erinnert sich \u2013 die Psychophysiologie des Traumas und der Traumabehandlung, Synthesis, Essen<strong><br><br>Schlochow, Barbara\u00a0<\/strong>(2007): Gesucht:\u00a0<strong>Mein verlorener Zwilling:<\/strong>\u00a0Liebe und Tod am Beginn des Lebens, Editions \u00e1 la carte Z\u00fcrich.\u00a0<a href=\"http:\/\/www.barbaraschlochow.ch\/\" target=\"_blank\" rel=\"noreferrer noopener\">www.barbaraschlochow.ch<\/a><strong><br><br>Schw\u00e4gerl, Ilona\/Jorda, Beata\u00a0<\/strong>(2002):\u00a0<strong>Geburt in Geborgenheit und W\u00fcrde<\/strong>. Aus dem Erfahrungsschatz einer Hebamme dtv., Dieses Taschenbuch sollte jede Schwangere begleiten!<br><br><strong>Siegel, Daniel\/Hartzell, Mary<\/strong>\u00a0(2004):<strong>\u00a0Gemeinsam leben, gemeinsam wachse<\/strong>n, Arbor Freiamt i. Schwarzwald. Mit diesem Buch k\u00f6nnen wir Schritt um Schritt unsere eigenen Verwundungen als Eltern ansehen und damit ein St\u00fcck weit heilen &#8211; zum Wohl unserer Kinder.<br><br><strong>Som\u00e9, Sobonfu<\/strong>\u00a0(2000):\u00a0<strong>In unserer Mitte. Kinder in der Gemeinschaft,<\/strong>\u00a0Orlanda Berlin (afrikanische Traditionen, Kinder ins Leben zu begleiten). Dass die Kultur der Dagara in Burkina Faso soo ! sorgsam und sensibel mit den Stufen des Menschwerdens umging, l\u00e4sst uns staunen: Schon bei dem Gedanken an eine Schwangerschaft z. B. reinigen die zuk\u00fcnftigen Eltern sich innerlich, um ein Kind zu empfangen &#8212; .\u00a0<strong><br><br>4 DVD\u00b4s zu Theorie und Praxis der pr\u00e4e-perinatal orientierten k\u00f6rperpsychotherapeutischen Arbeit von Klaus K\u00e4ppeli-Valauta<\/strong>:<br><strong>Du bist einzigartig &#8211; 1 &#8211; Schwangerschaft<\/strong>\u00a0&#8211; Trainingsfeld des Lebens<br><strong>Du bist einzigartig &#8211; 2 &#8211; Die Kaiserschnittgeburt im Erleben des Kindes<\/strong><br><strong>Du bist einzigartig &#8211; 3 &#8211; Zange oder Vakuum: Was erf\u00e4hrt das Kind dabei?<\/strong><br>Du bist einzigartig &#8211; 4 &#8211; Bonding &#8211; das Tor zur Welt der Beziehungen<br><br>Vortr\u00e4ge von je etwa 2 Stunden mit Videobeispielen aus K. K\u00e4ppeli\u00b4s therapeutischer Arbeit mit Eltern und (kleinen) Kindern. F\u00fcr BerlinerInnen bei mir (R.P.) auszuleihen bzw. den link zur cloud zu erfragen, wo sie zu finden sind.<br><br><br><strong>2.)<\/strong>\u00a0<strong>ZUM GESELLSCHAFTLICHEN BAUEN AN EINER GUTEN GESELLSCHAFTLICHEN ZUKUNFT<br><br>Bohm, David: Der Dialog &#8211; Das offene Gespr\u00e4ch am Ende der Diskussion<\/strong>\u00a0(Klett-Cotta 6.Aufl 2011). Ein m.E. f\u00fcr die Bew\u00e4ltigung der Zukunftsfragen f\u00fcr uns alle dringend notwendiges Buch. Bohm lehrt uns, miteinander so zu sprechen, dass wir nicht unsere eigene Meinung verteidigen, vielmehr in das hinein h\u00f6ren, was sich im Kreis oder im Zwischenraum zwischen zwei Menschen zeigen m\u00f6chte. Er nennt dies das Unbegrenzte, welches uns alle<strong>\u00a0<\/strong>und alles umgibt<strong>.\u00a0<\/strong>Ein junger Mensch, welcher dies derzeit in die politischen Prozesse hineintr\u00e4gt, ist Hanno Burmester. (Siehe auch:\u00a0<a href=\"http:\/\/www.progressives-zentrum.org\/\" target=\"_blank\" rel=\"noreferrer noopener\">www.progressives-zentrum.org<\/a>) Beide wissen, die gro\u00dfe Transformation kann nur gelingen, wenn sie nicht nur im gesellschaftlichen Bereich angestrebt wird, vielmehr zugleich in unserem Inneren, im Bewusstmachen unseres Unbewussten.<strong><br><br>Charbonnier, Pierre: \u00dcberfluss und Freiheit &#8211; eine \u00f6kologische Geschichte der politischen Ideen<\/strong>\u00a0(dt.Erstauflage S.Fischer Vlg. Frankfurt\/M. 2022). Der 1983 geborene franz\u00f6sische Autor reflektiert die europ\u00e4ische Philosophiegeschichte und ihre Pr\u00e4missen kritisch etwa, wenn er den vermeintlichen Gegensatz von Subjekt und Objekt, zwischen vermeintlich belebter und unbelebter Materie in Frage stellt. F\u00fcr das Nachdenken der jungen Generation \u00fcber die Kriterien, nach welchen die Zukunft gestaltet werden sollte, kann ich das Buch nur w\u00e4rmstens empfehlen.\u00a0<br><br><strong>Chomsky, Noam\/Waterstone, Marv: Konsequenzen des Kapitalismus &#8211; der lange Weg von der Unzufriedenheit zum Widerstand\u00a0<\/strong>(westend Vlg. 2020). Ein aufr\u00fcttelndes und Mut machendes Buch, ein Aufruf, nicht zu resiegnieren, vielmehr sich zusammenzuschliessen und die Kapital-gesteurten Machtverh\u00e4ltnisse zu ver\u00e4ndern, ehe es zu sp\u00e4t daf\u00fcr ist. Siehe u.a.auch seine wissende Beschreibung der Hintergr\u00fcnde des Nahostkonflikte unter: Noam Chomsky \u00fcber die Wurzeln des Israel-Pal\u00e4stina-Konflikts\u00a0<br><strong><br>Dittmar,\u00a0Vivian<\/strong>:<em>\u00a0<\/em><strong>Echter Wohlstand &#8211; Warum sich die Investition in inneren Reichtum lohnt<\/strong>, kailash Vlg. 2021: In diesem Buch schildert die in Bali geborene Autorin, die ihre ersten Lebenserfahrungen in jener fern\u00f6stlichen Kultur machen durfte, ihre so gewonnene Sicht auf unsere europ\u00e4ische Lebensweise. Und sie beschreibt ihren Wunsch, dass auch wir unsere Werte verschieben in Richtung: &#8222;Zeitwohlstand, Kreativit\u00e4tswohlstand, Beziehungswohlstand, spiritueller Wohlstand, \u00f6kologischer Wohlstand&#8220;.<br><strong><br>Herrmann, Ulrike<\/strong><em>:\u00a0<\/em><strong>Das Ende des Kapitalismus: Warum Wachstum und Klimaschutz nicht vereinbar sind \u2013 und wie wir in Zukunft leben werden<\/strong>, Kiepenheuer&amp;Witsch, K\u00f6ln 2022,\u00a0ISBN 978-3-46200-255-3<strong><br><\/strong><br><strong>H\u00fcbl, Thomas<\/strong>: F\u00fcr meine Wahrnehmung haben die Begegnungen des \u00d6sterreichers<strong>\u00a0Thomas H\u00fcbl\u00a0<\/strong>(geb.1971)\u00a0als Kind mit einem seiner Gro\u00dfv\u00e4ter viel dazu beigetragen, dass er so engagiert daf\u00fcr arbeitet, weltweit Menschen auf kollektive Traumata in je ihren Gesellschaften aufmerksam zu machen, diese aufzudecken, anzuerkennen und gemeinsam zu betrauern.<\/p>\n\n\n\n<p>Sie finden im Internet sehr viele Videos mit ihm. Ich empfehle auch sein: <strong>Kollektives Trauma heilen \u2013 Pers\u00f6nliche und globale Krisen verstehen und als Chance nutzen<\/strong> (Irisiana Vlg. M\u00fcnchen 2021)<br><br><strong>Levinas<\/strong>, <strong>Emmanuel<\/strong>: Der litauisch-franz\u00f6sisch-j\u00fcdische&nbsp;<strong>Emmanuel Levinas<\/strong> (1906-1995), dessen Eltern und alle Verwandten im Holocaust ermordet wurden und der deshalb nie wieder deutschen Boden betrat, hat in seinem umfangreichen philosophischen Werk das Subjekt der abendl\u00e4ndischen Philosophie sozusagen vom Kopf auf die F\u00fc\u00dfe gestellt: Er beschrieb dieses Subjekt nicht mehr als das menschliche Individuum, vielmehr als das einem menschlichen <strong>ANTLITZ<\/strong> Begegnenden \u2013 ohne jeden Anspruch auf eine Antwort. Ich empfehle das m.E. zentrale schmale Werk: <strong>Ethik und Unendliches<\/strong>&nbsp;&#8211; Gespr\u00e4che mit Philippe Nemo (Hrsg. Peter Engelmann, Edition Passagen, 3. Aufl. 1996)<br><br><strong>Mason, Paul&nbsp;<\/strong>(1. Aufl. dt. 2016):<strong>&nbsp;Postkapitalismus &#8211; Grundrisse einer kommenden \u00d6konomie,&nbsp;<\/strong>Suhrkamp. Der 1960 geborene englische Yournalist und \u00d6konom beschreibt in f\u00fcr mich sehr einleuchtender Weise, w i e&nbsp; die Vorboten einer postkapitalistischen Gesellschaft mit u.a. freiwilliger Peer-to-Peer-Produktion ohne Profit &#8211; entsprechend Wikipedia &#8211; bereits sichtbar sind und nur st\u00e4rker gef\u00f6rdert werden m\u00fcssen, um den zerst\u00f6rerischen Kapitalismus zu entmachten.<strong><br><br>Simon<\/strong><em><strong>,&nbsp;<\/strong><\/em><strong>Klaus<\/strong><em><strong>&nbsp;:&nbsp;<\/strong><\/em><strong>Zwickm\u00fchle Kapitalismus &#8211; Ausw\u00fcchse und Auswege<\/strong>, Tectum Vlg. 2014<br>&#8212;&#8212;&#8212;&#8212;&#8212;-&nbsp;<strong>Zur Welt gekommen<\/strong>&nbsp;&#8211; Wie alles mit allem verbunden ist, B\u00fcchner Vlg. 2018<br>(im Klappentext des zweiten, nur 91 kleine Seiten mit vielen Bildern umfassenden B\u00fcchleins hei\u00dft es: &#8222;Die Zeit ist reif f\u00fcr ein neues Verstehen &#8211; und damit f\u00fcr das \u00dcberdenken festgefahrener weltanschaulicher Auffassungen&#8220;).<br><strong>&#8212;&#8212;&#8212;&#8212;&#8212; Kapitalkrise &#8211; Auswirkungen des Herrschenden Geldsystems,&nbsp;<\/strong>B\u00fcchner Vlg.2023&nbsp; Klaus Simon beschreibt in aufr\u00fcttelnder Weise, dass &#8211; und warum wir nicht l\u00e4nger dulden sollten, was um uns passiert. Der Systemwandel ist unabdingbar.<strong><br><br>Tooze, Adam&nbsp;<\/strong>(2021, Vlg.C.H.Beck, M\u00fcnchen):&nbsp;<strong>Welt im Lockdown &#8211; Die globale Krise und ihre Folgen &#8222;..die Geschichte der zw\u00f6lf Monate vom Januar 2020 bis Januar 2021&#8220; <\/strong>beschrieben von einem beeindruckend kritischen und weitsichtigen &#8222;der f\u00fchrenden `Gobal Thinkers `unserer Zeit&#8220;.<strong><br><br>Wilber, Ken&nbsp;<\/strong>(9. Aufl.20011):&nbsp;<strong>Eine kurze Geschichte des Kosmos<\/strong>. Fischer Tb. Ein beeindruckender Versuch, unsere Menschheitsgeschichte in der Entwicklung des Selbst- und Weltverst\u00e4ndnisses darzustellen: vom magischen und mythologischen Denken und Handeln bis zum immer noch dominierenden Anspruch rationalen Denkens, das Ganze der Wirklichkeit zu erfassen und damit auf tragische Weise zu reduzieren, einzuebnen, zu &#8222;entzaubern&#8211;&#8220;&nbsp;<br><br><strong>Wolf, Martin: The Crisis of Democratic Capitalism&nbsp;<\/strong>(allen Lane 2023) &#8211; Eine Ananlyse der US-amerikanischen Gegenwart)<br><br><strong>3.) ZITATE, DIE MIR GEFALLEN<\/strong><\/p>\n\n\n\n<p>Bayo Akomolafe im Gespr\u00e4ch mit Ives-Bossart (youtube), Eves blendet u.a. ein: \u201eNeomaterialismus\u201c, \u201eAfrotopia\u201c, Felwine Sar , Frantz Fanon, Donna Haraway<\/p>\n\n\n\n<p>&#8212; wir brauchen ein anderes Zeit-Verst\u00e4ndnis<\/p>\n\n\n\n<p>&#8212; wir sind verbunden mit allen vergangenen und kommenden Prozessen &#8211;<\/p>\n\n\n\n<p>-\u2013- es ist eine relationale, prozessionale Welt &#8211; &#8211; &#8211;&nbsp;<\/p>\n\n\n\n<p>\u2013&#8211; Sprache als Teil der Welt ist nicht differenziert genug. Sie bildet die Realit\u00e4t nur unvollst\u00e4ndig ab. Sprache weiss nicht, wie mit der Bewegung umgehen &#8211;<\/p>\n\n\n\n<p>Spielen mit den Dingen \u2013 Der Tisch hier ist f\u00fcr meinen Sohn ein Raumschiff<\/p>\n\n\n\n<p>\u2013&#8211; Bolivien will der Natur ihre Rechte einr\u00e4umen<\/p>\n\n\n\n<p>&#8212; der Berg tanzt&#8212;&nbsp;<\/p>\n\n\n\n<p>&#8212; es gibt eine transnationale Bewegung, die von unten kommt&nbsp;<\/p>\n\n\n\n<p>&#8212; die Macht ist weiter verteilt als wir denken<\/p>\n\n\n\n<p>&#8212; in den Rissen denken &#8212;<\/p>\n\n\n\n<p>&#8212; Postaktivismus, Posthumanismus l\u00f6st die Spannungen auf<\/p>\n\n\n\n<p>&#8212; gute Elternschaft muss kompostiert werden (\u201eIch weiss nicht, was ein guter Vater ist\u201c)<\/p>\n\n\n\n<p><strong>&#8212; Wenn man lernt, mit der Trauer zu leben, kann man auch fr\u00f6hlich sein (Das internationale Diagnoseverzeichnis habe Trauer \u00fcber ein Jahr lang als pathologisch benannt &#8211; &#8211; &#8211; &#8211; )<\/strong><br><\/p>\n\n\n\n<p><strong>Sobonfu Som\u00e9:&nbsp;<\/strong>Es braucht ein ganzes Dorf, um ein Kind zu erziehen und die emotionalen Bed\u00fcrfnisse der Eltern zu erf\u00fcllen. (In: Kinder in unserer Mitte, Orlanda Vlg.)<br><br><strong>Janus Korczak:&nbsp;<\/strong>Ihr sagt: der Umgang mit Kindern erm\u00fcdet uns. Ihr habt recht. Nicht das erm\u00fcdet uns, dass wir uns zu ihnen hinabbeugen m\u00fcssen, sondern, dass wir uns auf die Zehen stellen m\u00fcssen, heranlangen, um nicht zu verletzen.<br><br><strong>Antonio Guiterres:&nbsp;<\/strong>Wir haben die Wahl: Kollektives Handeln oder kollektiver Suicid. (Januar 2023)<br><br><strong>Emmanuel Levinas: &nbsp;&nbsp;<\/strong>Das Antlitz des Anderen ist die wahre Lehre der Philosophie <br><br><strong>Charles Simic<\/strong><sub>:<\/sub>&nbsp;Ehrfurcht ist die neue Religion<br><br><strong>Bibel<\/strong><sub>:&nbsp;<\/sub>Liebet eure Feinde<br><br><strong>unbekannt:<\/strong><sub>&nbsp;<\/sub>Die Welt w\u00e4re ein besserer Ort, wenn die S\u00e4tze: &#8222;ich habe mich geirrt&#8220; &#8211; &#8222;Du hast mich \u00fcberzeugt&#8220; h\u00e4ufiger gesagt w\u00fcrden.<br><br><strong>Sokrates:&nbsp;<\/strong>Niemand wird mehr gehasst, als der, der die Wahrheit sagt.<br><br><strong>Rabidranat Tagore:&nbsp;<\/strong>Die kleine Wahrheit hat klare Worte. Die gro\u00dfe Wahrheit hat gro\u00dfes Schweigen.<br><br><strong>Erich Fromm:&nbsp;<\/strong>Zum erstenmal in der Geschichte h\u00e4ngt das physische \u00dcberleben der Menschheit von einer radikalen seelischen Ver\u00e4nderung des Menschen ab.<br><br><strong>Salah Yousif:&nbsp;<\/strong>Die Seelen unserer Ahnen kreisen um uns, damit wir vorw\u00e4rtsgehen, ohne uns zu beugen. Tief in der Asche der Schlachtfelder sitzt das Leben. Wir versinken in unsere schweren Fehler und versuchen nicht, uns reinzuwaschen. Wir entschuldigen uns f\u00fcr den Hunger eines afrikanischen Kindes, auf dessen Ende die Aasgeier warten.<br><br><br><br><a href=\"https:\/\/neu.ruthpriese.de\/index.php\/ausgewaehlte-von-mir-empfohlene-literatur-und-zitate-2\/\">zum Seitenanfang<\/a><\/p>\n","protected":false},"excerpt":{"rendered":"<p>1.) ZUM VERSTEHEN VON KINDERN UND ELTERN Agustoni, Daniel\u00a0(2004):\u00a0Craniosakral Selbstbehandlung &#8211; Wohlbefinden und Entspannung durch sanfte Ber\u00fchrung,\u00a0K\u00f6sel vlg. M\u00fcnchen (Agustoni gibt hier neben praktischen Anleitungen eine kurze Einf\u00fchrung in diese wunderbare Weise, die Tiefen in unseren K\u00f6rpern zu ber\u00fchren und &#8211; wenn wir absichtslos begleiten &#8211; zur Selbstregulation anzuregen)\u00a0Alberti, Bettina\u00a0(3. Aufl. 2005):\u00a0Die Seele f\u00fchlt von [&hellip;]<\/p>\n","protected":false},"author":1,"featured_media":0,"parent":0,"menu_order":0,"comment_status":"closed","ping_status":"closed","template":"","meta":{"footnotes":""},"class_list":["post-75","page","type-page","status-publish","hentry"],"_links":{"self":[{"href":"https:\/\/neu.ruthpriese.de\/index.php\/wp-json\/wp\/v2\/pages\/75","targetHints":{"allow":["GET"]}}],"collection":[{"href":"https:\/\/neu.ruthpriese.de\/index.php\/wp-json\/wp\/v2\/pages"}],"about":[{"href":"https:\/\/neu.ruthpriese.de\/index.php\/wp-json\/wp\/v2\/types\/page"}],"author":[{"embeddable":true,"href":"https:\/\/neu.ruthpriese.de\/index.php\/wp-json\/wp\/v2\/users\/1"}],"replies":[{"embeddable":true,"href":"https:\/\/neu.ruthpriese.de\/index.php\/wp-json\/wp\/v2\/comments?post=75"}],"version-history":[{"count":16,"href":"https:\/\/neu.ruthpriese.de\/index.php\/wp-json\/wp\/v2\/pages\/75\/revisions"}],"predecessor-version":[{"id":658,"href":"https:\/\/neu.ruthpriese.de\/index.php\/wp-json\/wp\/v2\/pages\/75\/revisions\/658"}],"wp:attachment":[{"href":"https:\/\/neu.ruthpriese.de\/index.php\/wp-json\/wp\/v2\/media?parent=75"}],"curies":[{"name":"wp","href":"https:\/\/api.w.org\/{rel}","templated":true}]}}